{"id":4651,"date":"2021-10-01T10:36:20","date_gmt":"2021-10-26T08:50:14","guid":{"rendered":"https:\/\/farmaciadellago.ch\/prodotto\/demaquillant-professionnel-cholley\/"},"modified":"2023-05-26T15:59:25","modified_gmt":"2023-05-26T13:59:25","slug":"cholley-professionnel-demaquillant","status":"publish","type":"product","link":"https:\/\/farmaciadellago.ch\/fr\/prodotto\/cholley-professionnel-demaquillant\/","title":{"rendered":"D\u00e9maquillant pour les yeux et les l\u00e8vres"},"content":{"rendered":"","protected":false},"excerpt":{"rendered":"<div class=\"page\" title=\"Page 6\">\n<div class=\"layoutArea\">\n<div class=\"column\">\n<h3>D\u00e9maquillant professionnel CHOLLEY &#8211; R\u00e9f. 726V<\/h3>\n<p>D\u00e9maquillant yeux et l\u00e8vres \u00e0 la formule biphas\u00e9e qui enl\u00e8ve rapidement tous les types de maquillage m\u00eame des yeux les plus sensibles et avec des lentilles de contact. La couche inf\u00e9rieure turquoise \u00e9limine tous les r\u00e9sidus et minimise la sensation de gras.<\/p>\n<p>AVANTAGES:<\/p>\n<ul>\n<li>Enl\u00e8ve toute trace de maquillage, y compris les formules longue dur\u00e9e et r\u00e9sistantes \u00e0 l&rsquo;eau.<\/li>\n<li>Formulation adapt\u00e9e aux yeux sensibles et aux porteurs de lentilles corn\u00e9ennes<\/li>\n<li>N&rsquo;irrite pas, ne pique pas et ne br\u00fble pas les yeux.<\/li>\n<li>Ne laisse pas de r\u00e9sidu huileux<\/li>\n<li>Ne contient pas de parfum<\/li>\n<li>Ne contient pas de parabens<\/li>\n<li>Donne une sensation de fra\u00eecheur aux yeux et aux l\u00e8vres.<\/li>\n<\/ul>\n<\/div>\n<\/div>\n<\/div>\n","protected":false},"featured_media":4567,"comment_status":"open","ping_status":"open","template":"","meta":{"_acf_changed":false,"_seopress_robots_primary_cat":"none","_seopress_titles_title":"CHOLLEY D\u00e9maquillant professionnel - Ref, D\u00e9maquillant pour les yeux et les l\u00e8vres","_seopress_titles_desc":"D\u00e9maquillant yeux et l\u00e8vres \u00e0 la formule biphas\u00e9e qui enl\u00e8ve rapidement tous les types de maquillage m\u00eame des yeux les plus sensibles et avec des lentilles de contact.","_seopress_robots_index":""},"product_brand":[],"product_cat":[178,152],"product_tag":[],"class_list":{"0":"post-4651","1":"product","2":"type-product","3":"status-publish","4":"has-post-thumbnail","6":"product_cat-cholley-fr","7":"product_cat-produits-de-beaute","8":"pa_contenuto-125-ml-fr","10":"first","11":"instock","12":"shipping-taxable","13":"purchasable","14":"product-type-simple"},"acf":[],"_links":{"self":[{"href":"https:\/\/farmaciadellago.ch\/fr\/wp-json\/wp\/v2\/product\/4651","targetHints":{"allow":["GET"]}}],"collection":[{"href":"https:\/\/farmaciadellago.ch\/fr\/wp-json\/wp\/v2\/product"}],"about":[{"href":"https:\/\/farmaciadellago.ch\/fr\/wp-json\/wp\/v2\/types\/product"}],"replies":[{"embeddable":true,"href":"https:\/\/farmaciadellago.ch\/fr\/wp-json\/wp\/v2\/comments?post=4651"}],"wp:featuredmedia":[{"embeddable":true,"href":"https:\/\/farmaciadellago.ch\/fr\/wp-json\/wp\/v2\/media\/4567"}],"wp:attachment":[{"href":"https:\/\/farmaciadellago.ch\/fr\/wp-json\/wp\/v2\/media?parent=4651"}],"wp:term":[{"taxonomy":"product_brand","embeddable":true,"href":"https:\/\/farmaciadellago.ch\/fr\/wp-json\/wp\/v2\/product_brand?post=4651"},{"taxonomy":"product_cat","embeddable":true,"href":"https:\/\/farmaciadellago.ch\/fr\/wp-json\/wp\/v2\/product_cat?post=4651"},{"taxonomy":"product_tag","embeddable":true,"href":"https:\/\/farmaciadellago.ch\/fr\/wp-json\/wp\/v2\/product_tag?post=4651"}],"curies":[{"name":"wp","href":"https:\/\/api.w.org\/{rel}","templated":true}]}}